{"id":227,"date":"2015-10-11T17:54:35","date_gmt":"2015-10-11T17:54:35","guid":{"rendered":"http:\/\/keskipalokankoulu.net\/ops\/?page_id=227"},"modified":"2015-10-11T17:54:35","modified_gmt":"2015-10-11T17:54:35","slug":"palokan-koulujen-yhteistyo","status":"publish","type":"page","link":"https:\/\/keskipalokankoulu.net\/ops\/palokan-koulujen-yhteistyo\/","title":{"rendered":"Palokan koulujen yhteisty\u00f6"},"content":{"rendered":"<h3>Yhteiseksi sovitut k\u00e4yt\u00e4nn\u00f6t<\/h3>\n<ul>\n<li>Koulujen rehtorit tekev\u00e4t yhteisty\u00f6ss\u00e4 p\u00e4\u00e4t\u00f6kset esim. uusien oppilaiden sijoittamisesta.<\/li>\n<li>Yhteisty\u00f6 oppilaiden siirtyess\u00e4 koulusta toiseen<\/li>\n<li>Opettajien pedagoginen yhteisty\u00f6 mm. alakoulun ja yl\u00e4koulun roolijaon selkeytt\u00e4misess\u00e4 eri oppiaineiden sis\u00e4ll\u00f6iss\u00e4<\/li>\n<\/ul>\n<h3>Yhteisty\u00f6 nivelvaiheissa<\/h3>\n<h4>Oppilaan siirtyminen yl\u00e4kouluun<\/h4>\n<p>Keski-Palokan koulun oppilaat siirtyv\u00e4t l\u00e4ht\u00f6kohtaisesti Mankolan kouluun 7. luokalle. Oppilaat saatetaan yl\u00e4kouluun seuraavasti:<\/p>\n<ol>\n<li>Luokkatasosta vastaava erityisopettaja kartoittaa maalis-huhtikuussa oppilaiden erityisen tuen tarpeet, jotka tulee huomioida yl\u00e4kouluryhmi\u00e4 muodostettaessa. Tuen tarpeet voidaan luokitella oppimisen tai sosiaalisemotionaalisen tuen tarpeisiin.<\/li>\n<li>Luokanopettaja muodostaa omasta luokastaan 3-5:n oppilaan ryhmi\u00e4, jotka tukevat oppilaiden kasvua, kehityst\u00e4 ja oppimista. Perheiden ja oppilaiden henkil\u00f6kohtaisia toiveita voidaan ottaa rajoitetusti huomioon t\u00e4ss\u00e4 vaiheessa.<\/li>\n<li>Erityisopettaja laatii alustavan luokkajaon edellisten pohdintojen, oppilaantuntemuksensa sek\u00e4 tulevien 7.-luokkien lukum\u00e4\u00e4r\u00e4n perusteella.<\/li>\n<li>Kuudensien luokkien opettajat sek\u00e4 erityisopettaja kokoontuvat yhdess\u00e4 tarkistamaan luokkajakokokonaisuuden ja tekem\u00e4\u00e4n siihen tarvittavat muutokset.<\/li>\n<li>Erityisopettaja esittelee laaditun suunnitelman yl\u00e4koulun rehtorille, oppilaanohjaajalle sek\u00e4 erityisopettajalle yhteisess\u00e4 kokoontumisessa. Erityisen tuen tarpeet perustellaan alakoululuokkakohtaisesti luokanopettaja kerrallaan.<\/li>\n<li>Luokanopettajalla on mahdollisuus siirt\u00e4\u00e4 yksityiskohtaisempia oppilastietoja h\u00e4nen ja yl\u00e4koulun oppilaanohjaajan yhteisess\u00e4 tapaamisessa toukokuussa tukioppilasvierailun yhteydess\u00e4.<\/li>\n<li>Pakolliset HOJKS- ja tarvittavat HOPPI-siirtopalaverit pidet\u00e4\u00e4n yhdess\u00e4 vanhempien kanssa sovittuna ajankohtana.<\/li>\n<\/ol>\n<p>Yl\u00e4koulu tekee lopullisen luokkajaon.<\/p>\n","protected":false},"excerpt":{"rendered":"<p>Yhteiseksi sovitut k\u00e4yt\u00e4nn\u00f6t Koulujen rehtorit tekev\u00e4t yhteisty\u00f6ss\u00e4 p\u00e4\u00e4t\u00f6kset esim. uusien oppilaiden sijoittamisesta. Yhteisty\u00f6 oppilaiden siirtyess\u00e4 koulusta toiseen Opettajien pedagoginen yhteisty\u00f6 mm. alakoulun ja yl\u00e4koulun roolijaon selkeytt\u00e4misess\u00e4 eri oppiaineiden sis\u00e4ll\u00f6iss\u00e4 Yhteisty\u00f6 nivelvaiheissa Oppilaan siirtyminen yl\u00e4kouluun Keski-Palokan koulun oppilaat siirtyv\u00e4t l\u00e4ht\u00f6kohtaisesti Mankolan kouluun 7. luokalle. Oppilaat saatetaan yl\u00e4kouluun seuraavasti: Luokkatasosta vastaava erityisopettaja kartoittaa maalis-huhtikuussa oppilaiden erityisen tuen &hellip; <a href=\"https:\/\/keskipalokankoulu.net\/ops\/palokan-koulujen-yhteistyo\/\" class=\"more-link\">Continue reading <span class=\"screen-reader-text\">Palokan koulujen yhteisty\u00f6<\/span> <span class=\"meta-nav\">&rarr;<\/span><\/a><\/p>\n","protected":false},"author":2,"featured_media":0,"parent":0,"menu_order":0,"comment_status":"closed","ping_status":"closed","template":"","meta":{"footnotes":""},"class_list":["post-227","page","type-page","status-publish","hentry"],"_links":{"self":[{"href":"https:\/\/keskipalokankoulu.net\/ops\/wp-json\/wp\/v2\/pages\/227","targetHints":{"allow":["GET"]}}],"collection":[{"href":"https:\/\/keskipalokankoulu.net\/ops\/wp-json\/wp\/v2\/pages"}],"about":[{"href":"https:\/\/keskipalokankoulu.net\/ops\/wp-json\/wp\/v2\/types\/page"}],"author":[{"embeddable":true,"href":"https:\/\/keskipalokankoulu.net\/ops\/wp-json\/wp\/v2\/users\/2"}],"replies":[{"embeddable":true,"href":"https:\/\/keskipalokankoulu.net\/ops\/wp-json\/wp\/v2\/comments?post=227"}],"version-history":[{"count":1,"href":"https:\/\/keskipalokankoulu.net\/ops\/wp-json\/wp\/v2\/pages\/227\/revisions"}],"predecessor-version":[{"id":228,"href":"https:\/\/keskipalokankoulu.net\/ops\/wp-json\/wp\/v2\/pages\/227\/revisions\/228"}],"wp:attachment":[{"href":"https:\/\/keskipalokankoulu.net\/ops\/wp-json\/wp\/v2\/media?parent=227"}],"curies":[{"name":"wp","href":"https:\/\/api.w.org\/{rel}","templated":true}]}}