{"id":217,"date":"2015-10-11T17:43:30","date_gmt":"2015-10-11T17:43:30","guid":{"rendered":"http:\/\/keskipalokankoulu.net\/ops\/?page_id=217"},"modified":"2025-09-22T11:40:03","modified_gmt":"2025-09-22T11:40:03","slug":"iltapaivatoiminta","status":"publish","type":"page","link":"https:\/\/keskipalokankoulu.net\/ops\/iltapaivatoiminta\/","title":{"rendered":"Iltap\u00e4iv\u00e4toiminta"},"content":{"rendered":"<p>Jyv\u00e4skyl\u00e4n kaupunki tarjoaa koululaisten iltap\u00e4iv\u00e4toimintaa Keski-Palokan koulun yhteydess\u00e4.<\/p>\n<p>Iltap\u00e4iv\u00e4toiminnan\u00a0<strong>oppilaspaikoista tekee p\u00e4\u00e4t\u00f6ksen<\/strong> vastuuohjaaja Jaana Valkonen.<\/p>\n<p><b>Jyv\u00e4skyl\u00e4n kaupungin<\/b> vastuuhenkil\u00f6 iltap\u00e4iv\u00e4toimintaan liittyviss\u00e4 asioissa on J\u00e4lkk\u00e4rin koordinaattori Tella Vuolle-Oranen (etunimi.sukunimi@jyvaskyla.fi \/ 050 &#8211; 3692771).<\/p>\n<p>Koulu ja iltap\u00e4iv\u00e4toiminta tekev\u00e4t yhteisty\u00f6t\u00e4 seuraavasti:<\/p>\n<ul>\n<li>iltap\u00e4iv\u00e4toiminnassa sovelletaan koulun s\u00e4\u00e4nt\u00f6j\u00e4<\/li>\n<li>iltap\u00e4iv\u00e4toiminnassa voidaan k\u00e4ytt\u00e4\u00e4 erikseen sovittaessa koulun tiloja ja v\u00e4lineit\u00e4<\/li>\n<li>koulu voi antaa tietoja oppilaasta j\u00e4lkk\u00e4rin vastuuhenkil\u00f6lle, mik\u00e4li vanhemmat antavat siihen kirjallisesti luvan<\/li>\n<li>Koulunk\u00e4ynnin ohjaajat pit\u00e4v\u00e4t L\u00e4ksykerhoa j\u00e4lkk\u00e4riss\u00e4<\/li>\n<\/ul>\n<p>J\u00e4lkk\u00e4ri toimii Keski-Palokan koulun tiloissa. Toiminta on lapsil\u00e4ht\u00f6ist\u00e4, vapaata leikki\u00e4 ja yhdess\u00e4 olemista painottavaa. J\u00e4lkk\u00e4ri on auki klo 12 &#8211; 16.30.<\/p>\n<p>J\u00e4lkk\u00e4rin yhteystiedot ovat <a href=\"https:\/\/peda.net\/jyvaskyla\/keski-palokankoulu\/yhteystiedot\">koulun yhteystietojen<\/a> yhteydess\u00e4.<\/p>\n<p><a href=\"https:\/\/www.jyvaskyla.fi\/varhaiskasvatus-ja-koulutus\/perusopetus\/aamu-ja-iltapaivatoiminta-jalkkari\">Jyv\u00e4skyl\u00e4n kaupungin iltap\u00e4iv\u00e4toimintasivu<\/a><\/p>\n\n\n<p><\/p>\n","protected":false},"excerpt":{"rendered":"<p>Jyv\u00e4skyl\u00e4n kaupunki tarjoaa koululaisten iltap\u00e4iv\u00e4toimintaa Keski-Palokan koulun yhteydess\u00e4. Iltap\u00e4iv\u00e4toiminnan\u00a0oppilaspaikoista tekee p\u00e4\u00e4t\u00f6ksen vastuuohjaaja Jaana Valkonen. Jyv\u00e4skyl\u00e4n kaupungin vastuuhenkil\u00f6 iltap\u00e4iv\u00e4toimintaan liittyviss\u00e4 asioissa on J\u00e4lkk\u00e4rin koordinaattori Tella Vuolle-Oranen (etunimi.sukunimi@jyvaskyla.fi \/ 050 &#8211; 3692771). Koulu ja iltap\u00e4iv\u00e4toiminta tekev\u00e4t yhteisty\u00f6t\u00e4 seuraavasti: iltap\u00e4iv\u00e4toiminnassa sovelletaan koulun s\u00e4\u00e4nt\u00f6j\u00e4 iltap\u00e4iv\u00e4toiminnassa voidaan k\u00e4ytt\u00e4\u00e4 erikseen sovittaessa koulun tiloja ja v\u00e4lineit\u00e4 koulu voi antaa tietoja oppilaasta j\u00e4lkk\u00e4rin &hellip; <a href=\"https:\/\/keskipalokankoulu.net\/ops\/iltapaivatoiminta\/\" class=\"more-link\">Continue reading <span class=\"screen-reader-text\">Iltap\u00e4iv\u00e4toiminta<\/span> <span class=\"meta-nav\">&rarr;<\/span><\/a><\/p>\n","protected":false},"author":2,"featured_media":0,"parent":0,"menu_order":0,"comment_status":"closed","ping_status":"closed","template":"","meta":{"footnotes":""},"class_list":["post-217","page","type-page","status-publish","hentry"],"_links":{"self":[{"href":"https:\/\/keskipalokankoulu.net\/ops\/wp-json\/wp\/v2\/pages\/217","targetHints":{"allow":["GET"]}}],"collection":[{"href":"https:\/\/keskipalokankoulu.net\/ops\/wp-json\/wp\/v2\/pages"}],"about":[{"href":"https:\/\/keskipalokankoulu.net\/ops\/wp-json\/wp\/v2\/types\/page"}],"author":[{"embeddable":true,"href":"https:\/\/keskipalokankoulu.net\/ops\/wp-json\/wp\/v2\/users\/2"}],"replies":[{"embeddable":true,"href":"https:\/\/keskipalokankoulu.net\/ops\/wp-json\/wp\/v2\/comments?post=217"}],"version-history":[{"count":11,"href":"https:\/\/keskipalokankoulu.net\/ops\/wp-json\/wp\/v2\/pages\/217\/revisions"}],"predecessor-version":[{"id":1333,"href":"https:\/\/keskipalokankoulu.net\/ops\/wp-json\/wp\/v2\/pages\/217\/revisions\/1333"}],"wp:attachment":[{"href":"https:\/\/keskipalokankoulu.net\/ops\/wp-json\/wp\/v2\/media?parent=217"}],"curies":[{"name":"wp","href":"https:\/\/api.w.org\/{rel}","templated":true}]}}